{"id":3685,"date":"2025-01-05T16:01:20","date_gmt":"2025-01-05T16:01:20","guid":{"rendered":"https:\/\/determined-kepler.212-227-55-109.plesk.page\/?page_id=3685"},"modified":"2025-09-18T18:42:54","modified_gmt":"2025-09-18T18:42:54","slug":"historie","status":"publish","type":"page","link":"https:\/\/fv-hafen.de\/?page_id=3685","title":{"rendered":"Historie"},"content":{"rendered":"<div data-colibri-id=\"3685-c1\" class=\"style-808 style-local-3685-c1 position-relative\">\n  <!---->\n  <div data-colibri-component=\"section\" data-colibri-id=\"3685-c2\" id=\"portfolio\" class=\"h-section h-section-global-spacing d-flex align-items-lg-center align-items-md-center align-items-center style-825 style-local-3685-c2 position-relative\">\n    <!---->\n    <!---->\n    <div class=\"h-section-grid-container h-section-boxed-container\">\n      <!---->\n      <div data-colibri-id=\"3685-c43\" class=\"h-row-container gutters-row-lg-2 gutters-row-md-2 gutters-row-0 gutters-row-v-lg-2 gutters-row-v-md-2 gutters-row-v-2 style-1125 style-local-3685-c43 position-relative\">\n        <!---->\n        <div class=\"h-row justify-content-lg-center justify-content-md-center justify-content-center align-items-lg-stretch align-items-md-stretch align-items-stretch gutters-col-lg-2 gutters-col-md-2 gutters-col-0 gutters-col-v-lg-2 gutters-col-v-md-2 gutters-col-v-2\">\n          <!---->\n          <div class=\"h-column h-column-container d-flex h-col-lg-auto h-col-md-auto h-col-auto style-1127-outer style-local-3685-c45-outer\">\n            <div data-colibri-id=\"3685-c45\" class=\"d-flex h-flex-basis h-column__inner h-px-lg-2 h-px-md-2 h-px-2 v-inner-lg-2 v-inner-md-2 v-inner-2 style-1127 style-local-3685-c45 position-relative\">\n              <!---->\n              <!---->\n              <div class=\"w-100 h-y-container h-column__content h-column__v-align flex-basis-100 align-self-lg-start align-self-md-start align-self-start\">\n                <!---->\n                <div data-colibri-id=\"3685-c46\" class=\"h-text h-text-component style-1128 style-local-3685-c46 position-relative h-element\">\n                  <!---->\n                  <!---->\n                  <div class=\"\">\n                    <p><span style=\"color: rgb(0, 10, 15);\">1949 erfolgte die Gr\u00fcndung der BSG Hafen Dresden, mit einer Sektion Fu\u00dfball<\/span>.<\/p>\n                  <\/div>\n                <\/div>\n              <\/div>\n            <\/div>\n          <\/div>\n        <\/div>\n      <\/div>\n      <div data-colibri-id=\"3685-c3\" class=\"h-row-container gutters-row-lg-2 gutters-row-md-2 gutters-row-2 gutters-row-v-lg-2 gutters-row-v-md-2 gutters-row-v-2 style-826 style-local-3685-c3 position-relative\">\n        <!---->\n        <div class=\"h-row justify-content-lg-center justify-content-md-center justify-content-center align-items-lg-stretch align-items-md-stretch align-items-stretch gutters-col-lg-2 gutters-col-md-2 gutters-col-2 gutters-col-v-lg-2 gutters-col-v-md-2 gutters-col-v-2\">\n          <!---->\n          <div class=\"h-column h-column-container d-flex h-col-lg-4 h-col-md-6 h-col-12 style-827-outer style-local-3685-c4-outer\">\n            <div data-colibri-id=\"3685-c4\" class=\"d-flex h-flex-basis h-column__inner h-px-lg-2 h-px-md-2 h-px-2 v-inner-lg-3 v-inner-md-3 v-inner-3 style-827 style-local-3685-c4 position-relative\">\n              <div class=\"background-wrapper\">\n                <div class=\"background-layer background-layer-media-container-lg\">\n                  <!---->\n                  <div class=\"overlay-layer\">\n                    <div class=\"overlay-image-layer\" style=\"background-image: linear-gradient(0deg, rgba(0, 0, 0, 0.7) 0%, rgba(69, 58, 148, 0) 50%);\"><\/div>\n                  <\/div>\n                <\/div>\n                <div class=\"background-layer background-layer-media-container-md\">\n                  <!---->\n                  <div class=\"overlay-layer\">\n                    <div class=\"overlay-image-layer\" style=\"background-image: linear-gradient(0deg, rgba(0, 0, 0, 0.7) 0%, rgba(69, 58, 148, 0) 50%);\"><\/div>\n                  <\/div>\n                <\/div>\n                <div class=\"background-layer background-layer-media-container\">\n                  <!---->\n                  <div class=\"overlay-layer\">\n                    <div class=\"overlay-image-layer\" style=\"background-image: linear-gradient(0deg, rgba(0, 0, 0, 0.7) 0%, rgba(69, 58, 148, 0) 50%);\"><\/div>\n                  <\/div>\n                <\/div>\n              <\/div>\n              <!---->\n              <div class=\"w-100 h-y-container h-column__content h-column__v-align flex-basis-100 align-self-lg-end align-self-md-end align-self-end\">\n                <!---->\n                <div data-colibri-id=\"3685-c5\" class=\"h-global-transition-all h-heading style-828 style-local-3685-c5 position-relative h-element\">\n                  <!---->\n                  <div class=\"h-heading__outer style-828 style-local-3685-c5\">\n                    <!---->\n                    <!---->\n                    <h4 class=\"\">Mannschaft 1959<\/h4>\n                  <\/div>\n                <\/div>\n              <\/div>\n            <\/div>\n          <\/div>\n          <div class=\"h-column h-column-container d-flex h-col-lg-4 h-col-md-6 h-col-12 style-831-outer style-local-3685-c6-outer\">\n            <div data-colibri-id=\"3685-c6\" class=\"d-flex h-flex-basis h-column__inner h-px-lg-2 h-px-md-2 h-px-2 v-inner-lg-3 v-inner-md-3 v-inner-3 style-831 style-local-3685-c6 position-relative\">\n              <div class=\"background-wrapper\">\n                <div class=\"background-layer background-layer-media-container-lg\">\n                  <!---->\n                  <div class=\"overlay-layer\">\n                    <div class=\"overlay-image-layer\" style=\"background-image: linear-gradient(0deg, rgba(0, 0, 0, 0.7) 0%, rgba(69, 58, 148, 0) 50%);\"><\/div>\n                  <\/div>\n                <\/div>\n                <div class=\"background-layer background-layer-media-container-md\">\n                  <!---->\n                  <div class=\"overlay-layer\">\n                    <div class=\"overlay-image-layer\" style=\"background-image: linear-gradient(0deg, rgba(0, 0, 0, 0.7) 0%, rgba(69, 58, 148, 0) 50%);\"><\/div>\n                  <\/div>\n                <\/div>\n                <div class=\"background-layer background-layer-media-container\">\n                  <!---->\n                  <div class=\"overlay-layer\">\n                    <div class=\"overlay-image-layer\" style=\"background-image: linear-gradient(0deg, rgba(0, 0, 0, 0.7) 0%, rgba(69, 58, 148, 0) 50%);\"><\/div>\n                  <\/div>\n                <\/div>\n              <\/div>\n              <!---->\n              <div class=\"w-100 h-y-container h-column__content h-column__v-align flex-basis-100 align-self-lg-end align-self-md-end align-self-end\">\n                <!---->\n                <div data-colibri-id=\"3685-c7\" class=\"h-global-transition-all h-heading style-828 style-local-3685-c7 position-relative h-element\">\n                  <!---->\n                  <div class=\"h-heading__outer style-828 style-local-3685-c7\">\n                    <!---->\n                    <!---->\n                    <h4 class=\"\">Mannschaft 1964<\/h4>\n                  <\/div>\n                <\/div>\n              <\/div>\n            <\/div>\n          <\/div>\n          <div class=\"h-column h-column-container d-flex h-col-lg-4 h-col-md-6 h-col-12 style-832-outer style-local-3685-c8-outer\">\n            <div data-colibri-id=\"3685-c8\" class=\"d-flex h-flex-basis h-column__inner h-px-lg-2 h-px-md-2 h-px-2 v-inner-lg-3 v-inner-md-3 v-inner-3 style-832 style-local-3685-c8 position-relative\">\n              <div class=\"background-wrapper\">\n                <div class=\"background-layer background-layer-media-container-lg\">\n                  <!---->\n                  <div class=\"overlay-layer\">\n                    <div class=\"overlay-image-layer\" style=\"background-image: linear-gradient(0deg, rgba(0, 0, 0, 0.7) 0%, rgba(69, 58, 148, 0) 50%);\"><\/div>\n                  <\/div>\n                <\/div>\n                <div class=\"background-layer background-layer-media-container-md\">\n                  <!---->\n                  <div class=\"overlay-layer\">\n                    <div class=\"overlay-image-layer\" style=\"background-image: linear-gradient(0deg, rgba(0, 0, 0, 0.7) 0%, rgba(69, 58, 148, 0) 50%);\"><\/div>\n                  <\/div>\n                <\/div>\n                <div class=\"background-layer background-layer-media-container\">\n                  <!---->\n                  <div class=\"overlay-layer\">\n                    <div class=\"overlay-image-layer\" style=\"background-image: linear-gradient(0deg, rgba(0, 0, 0, 0.7) 0%, rgba(69, 58, 148, 0) 50%);\"><\/div>\n                  <\/div>\n                <\/div>\n              <\/div>\n              <!---->\n              <div class=\"w-100 h-y-container h-column__content h-column__v-align flex-basis-100 align-self-lg-end align-self-md-end align-self-end\">\n                <!---->\n                <div data-colibri-id=\"3685-c9\" class=\"h-global-transition-all h-heading style-828 style-local-3685-c9 position-relative h-element\">\n                  <!---->\n                  <div class=\"h-heading__outer style-828 style-local-3685-c9\">\n                    <!---->\n                    <!---->\n                    <h4 class=\"\">Wimpel BSG<\/h4>\n                  <\/div>\n                <\/div>\n              <\/div>\n            <\/div>\n          <\/div>\n          <div class=\"h-column h-column-container d-flex h-col-lg-4 h-col-md-6 h-col-12 style-834-outer style-local-3685-c10-outer\">\n            <div data-colibri-id=\"3685-c10\" class=\"d-flex h-flex-basis h-column__inner h-ui-empty-state-container h-px-lg-2 h-px-md-2 h-px-2 v-inner-lg-3 v-inner-md-3 v-inner-3 style-834 style-local-3685-c10 position-relative\">\n              <div class=\"background-wrapper\">\n                <div class=\"background-layer background-layer-media-container-lg\">\n                  <!---->\n                  <div class=\"overlay-layer\">\n                    <div class=\"overlay-image-layer\" style=\"background-image: linear-gradient(0deg, rgba(0, 0, 0, 0.7) 0%, rgba(69, 58, 148, 0) 50%);\"><\/div>\n                  <\/div>\n                <\/div>\n                <div class=\"background-layer background-layer-media-container-md\">\n                  <!---->\n                  <div class=\"overlay-layer\">\n                    <div class=\"overlay-image-layer\" style=\"background-image: linear-gradient(0deg, rgba(0, 0, 0, 0.7) 0%, rgba(69, 58, 148, 0) 50%);\"><\/div>\n                  <\/div>\n                <\/div>\n                <div class=\"background-layer background-layer-media-container\">\n                  <!---->\n                  <div class=\"overlay-layer\">\n                    <div class=\"overlay-image-layer\" style=\"background-image: linear-gradient(0deg, rgba(0, 0, 0, 0.7) 0%, rgba(69, 58, 148, 0) 50%);\"><\/div>\n                  <\/div>\n                <\/div>\n              <\/div>\n              <!---->\n              <div class=\"w-100 h-y-container h-column__content h-column__v-align flex-basis-100\">\n                <!---->\n              <\/div>\n            <\/div>\n          <\/div>\n        <\/div>\n      <\/div>\n    <\/div>\n  <\/div>\n  <div data-colibri-component=\"section\" data-colibri-id=\"3685-c47\" id=\"photo-gallery\" class=\"h-section h-section-global-spacing d-flex align-items-lg-center align-items-md-center align-items-center style-1129 style-local-3685-c47 position-relative\">\n    <!---->\n    <!---->\n    <div class=\"h-section-grid-container h-section-boxed-container\">\n      <div data-colibri-id=\"3685-c51\" class=\"h-row-container gutters-row-lg-2 gutters-row-md-2 gutters-row-2 gutters-row-v-lg-2 gutters-row-v-md-2 gutters-row-v-2 style-1133 style-local-3685-c51 position-relative\">\n        <!---->\n        <div class=\"h-row justify-content-lg-center justify-content-md-center justify-content-center align-items-lg-stretch align-items-md-stretch align-items-stretch gutters-col-lg-2 gutters-col-md-2 gutters-col-2 gutters-col-v-lg-2 gutters-col-v-md-2 gutters-col-v-2\">\n          <!---->\n          <div class=\"h-column h-column-container d-flex h-col-lg-auto h-col-md-auto h-col-auto style-1134-outer style-local-3685-c52-outer\">\n            <div data-colibri-id=\"3685-c52\" class=\"d-flex h-flex-basis h-column__inner h-px-lg-2 h-px-md-2 h-px-2 v-inner-lg-2 v-inner-md-2 v-inner-2 style-1134 style-local-3685-c52 position-relative\">\n              <!---->\n              <!---->\n              <div class=\"w-100 h-y-container h-column__content h-column__v-align flex-basis-100 align-self-lg-start align-self-md-start align-self-start\">\n                <!---->\n                <div data-colibri-id=\"3685-c54\" class=\"h-lead h-text h-text-component style-1136 style-local-3685-c54 position-relative h-element\">\n                  <!---->\n                  <!---->\n                  <div class=\"\">\n                    <p><span style=\"color: rgb(0, 10, 15);\">1967 erfolgte der Zusammenschluss mit der Fu\u00dfballsektion Dresden-Mitte unter Beibehaltung des Namens BSG Hafen Dresden.&nbsp;Im Jahr 1971 gelang der 1. M\u00e4nnermannschaft der Aufstieg in die 1. Kreisklasse. Nach sofortigem Wiederabstieg kam es 1974 zum erneuten Aufstieg und dem langj\u00e4hrigen Verbleib in der h\u00f6chsten Spielklasse der Stadt.<\/span><\/p>\n                  <\/div>\n                <\/div>\n              <\/div>\n            <\/div>\n          <\/div>\n        <\/div>\n      <\/div>\n      <div data-colibri-id=\"3685-c48\" class=\"h-row-container gutters-row-lg-1 gutters-row-md-1 gutters-row-2 gutters-row-v-lg-1 gutters-row-v-md-1 gutters-row-v-2 style-1130 style-local-3685-c48 position-relative\">\n        <!---->\n        <div class=\"h-row justify-content-lg-center justify-content-md-center justify-content-center align-items-lg-stretch align-items-md-stretch align-items-stretch gutters-col-lg-1 gutters-col-md-1 gutters-col-2 gutters-col-v-lg-1 gutters-col-v-md-1 gutters-col-v-2\">\n          <!---->\n          <div class=\"h-column h-column-container d-flex h-col-lg-auto h-col-md-auto h-col-auto style-1131-outer style-local-3685-c49-outer\">\n            <div data-colibri-id=\"3685-c49\" class=\"d-flex h-flex-basis h-column__inner h-px-lg-1 h-px-md-1 h-px-2 v-inner-lg-1 v-inner-md-1 v-inner-2 style-1131 style-local-3685-c49 position-relative\">\n              <!---->\n              <!---->\n              <div class=\"w-100 h-y-container h-column__content h-column__v-align flex-basis-100 align-self-lg-start align-self-md-start align-self-start\">\n                <!---->\n                <div data-colibri-component=\"\" data-colibri-id=\"3685-c50\" class=\"h-photo-gallery margin-none caption-displayTrue caption-vertical-align-top style-1132 style-local-3685-c50 h-overflow-hidden position-relative h-element\">\n                  <!---->\n                  <div class=\"h-global-transition-all\"><div id='colibri-3685-c50' class='gallery-wrapper'>    <style type=\"text\/css\">\n\n        @media (min-width: 1023px) {        #colibri-3685-c50        dl {\n            float: left;\n            width: 25% !important;\n            max-width: 25% !important;\n            min-width: 25% !important;\n        }\n\n        #colibri-3685-c50        dl:nth-of-type(4n +1 ) {\n            clear: both;\n        }\n\n        }@media (min-width: 768px) and (max-width: 1023px) {        #colibri-3685-c50        dl {\n            float: left;\n            width: 25% !important;\n            max-width: 25% !important;\n            min-width: 25% !important;\n        }\n\n        #colibri-3685-c50        dl:nth-of-type(4n +1 ) {\n            clear: both;\n        }\n\n        }@media (max-width: 767px) {        #colibri-3685-c50        dl {\n            float: left;\n            width: 50% !important;\n            max-width: 50% !important;\n            min-width: 50% !important;\n        }\n\n        #colibri-3685-c50        dl:nth-of-type(2n +1 ) {\n            clear: both;\n        }\n\n        }\n        #colibri-3685-c50        .gallery-item {\n            position: relative;\n        }\n\n        \n    <\/style>\n    <div   class='colibri-3685-c50-dls-wrapper gallery-items-wrapper' ><dl class='gallery-item masonry-item'>\n\t\t\t<dt class='gallery-icon landscape'>\n\t\t\t\t<a data-fancybox=\"colibri-3685-c50-group\" href='https:\/\/fv-hafen.de\/wp-content\/uploads\/2025\/09\/1967.jpg'><img loading=\"lazy\" decoding=\"async\"  width=\"300\" height=\"205\" src=\"https:\/\/fv-hafen.de\/wp-content\/uploads\/2025\/09\/1967-300x205.jpg\"  class='colibri-3685-c50-image' alt=\"\" aria-describedby=\"gallery-1-4689\" srcset=\"https:\/\/fv-hafen.de\/wp-content\/uploads\/2025\/09\/1967-300x205.jpg 300w, https:\/\/fv-hafen.de\/wp-content\/uploads\/2025\/09\/1967-1024x701.jpg 1024w, https:\/\/fv-hafen.de\/wp-content\/uploads\/2025\/09\/1967-768x526.jpg 768w, https:\/\/fv-hafen.de\/wp-content\/uploads\/2025\/09\/1967.jpg 1221w\" sizes=\"auto, (max-width: 300px) 100vw, 300px\" \/><\/a>\n\t\t\t<\/dt>\n\t\t\t\t<div class=\"gallery-caption__wrapper\"><dd class='wp-caption-text gallery-caption' id='gallery-1-4689'>\n\t\t\t\t1967\n\t\t\t\t<\/dd><\/div><\/dl><dl class='gallery-item masonry-item'>\n\t\t\t<dt class='gallery-icon landscape'>\n\t\t\t\t<a data-fancybox=\"colibri-3685-c50-group\" href='https:\/\/fv-hafen.de\/wp-content\/uploads\/2025\/09\/1971-1.jpg'><img loading=\"lazy\" decoding=\"async\"  width=\"300\" height=\"218\" src=\"https:\/\/fv-hafen.de\/wp-content\/uploads\/2025\/09\/1971-1-300x218.jpg\"  class='colibri-3685-c50-image' alt=\"\" aria-describedby=\"gallery-1-4676\" srcset=\"https:\/\/fv-hafen.de\/wp-content\/uploads\/2025\/09\/1971-1-300x218.jpg 300w, https:\/\/fv-hafen.de\/wp-content\/uploads\/2025\/09\/1971-1-1024x743.jpg 1024w, https:\/\/fv-hafen.de\/wp-content\/uploads\/2025\/09\/1971-1-768x557.jpg 768w, https:\/\/fv-hafen.de\/wp-content\/uploads\/2025\/09\/1971-1.jpg 1037w\" sizes=\"auto, (max-width: 300px) 100vw, 300px\" \/><\/a>\n\t\t\t<\/dt>\n\t\t\t\t<div class=\"gallery-caption__wrapper\"><dd class='wp-caption-text gallery-caption' id='gallery-1-4676'>\n\t\t\t\tMannschaft 1971\n\t\t\t\t<\/dd><\/div><\/dl><dl class='gallery-item masonry-item'>\n\t\t\t<dt class='gallery-icon landscape'>\n\t\t\t\t<a data-fancybox=\"colibri-3685-c50-group\" href='https:\/\/fv-hafen.de\/wp-content\/uploads\/2025\/09\/1973-scaled.jpg'><img loading=\"lazy\" decoding=\"async\"  width=\"300\" height=\"230\" src=\"https:\/\/fv-hafen.de\/wp-content\/uploads\/2025\/09\/1973-300x230.jpg\"  class='colibri-3685-c50-image' alt=\"\" aria-describedby=\"gallery-1-4678\" srcset=\"https:\/\/fv-hafen.de\/wp-content\/uploads\/2025\/09\/1973-300x230.jpg 300w, https:\/\/fv-hafen.de\/wp-content\/uploads\/2025\/09\/1973-1024x786.jpg 1024w, https:\/\/fv-hafen.de\/wp-content\/uploads\/2025\/09\/1973-768x590.jpg 768w, https:\/\/fv-hafen.de\/wp-content\/uploads\/2025\/09\/1973-1536x1180.jpg 1536w, https:\/\/fv-hafen.de\/wp-content\/uploads\/2025\/09\/1973-2048x1573.jpg 2048w\" sizes=\"auto, (max-width: 300px) 100vw, 300px\" \/><\/a>\n\t\t\t<\/dt>\n\t\t\t\t<div class=\"gallery-caption__wrapper\"><dd class='wp-caption-text gallery-caption' id='gallery-1-4678'>\n\t\t\t\tMannschaft 1973\n\t\t\t\t<\/dd><\/div><\/dl><dl class='gallery-item masonry-item'>\n\t\t\t<dt class='gallery-icon landscape'>\n\t\t\t\t<a data-fancybox=\"colibri-3685-c50-group\" href='https:\/\/fv-hafen.de\/wp-content\/uploads\/2025\/09\/1974.jpg'><img loading=\"lazy\" decoding=\"async\"  width=\"300\" height=\"183\" src=\"https:\/\/fv-hafen.de\/wp-content\/uploads\/2025\/09\/1974-300x183.jpg\"  class='colibri-3685-c50-image' alt=\"\" aria-describedby=\"gallery-1-4677\" srcset=\"https:\/\/fv-hafen.de\/wp-content\/uploads\/2025\/09\/1974-300x183.jpg 300w, https:\/\/fv-hafen.de\/wp-content\/uploads\/2025\/09\/1974-768x468.jpg 768w, https:\/\/fv-hafen.de\/wp-content\/uploads\/2025\/09\/1974.jpg 1003w\" sizes=\"auto, (max-width: 300px) 100vw, 300px\" \/><\/a>\n\t\t\t<\/dt>\n\t\t\t\t<div class=\"gallery-caption__wrapper\"><dd class='wp-caption-text gallery-caption' id='gallery-1-4677'>\n\t\t\t\tMannschaft 1974\n\t\t\t\t<\/dd><\/div><\/dl>\n\t\t<\/div>\n<style>#colibri-3685-c50 .wp-caption-text.gallery-caption{display:none;}<\/style><\/div><\/div>\n                <\/div>\n              <\/div>\n            <\/div>\n          <\/div>\n        <\/div>\n      <\/div>\n    <\/div>\n  <\/div>\n  <div data-colibri-component=\"section\" data-colibri-id=\"3685-c55\" id=\"photo-gallery-2\" class=\"h-section h-section-global-spacing d-flex align-items-lg-center align-items-md-center align-items-center style-1137 style-local-3685-c55 position-relative\">\n    <!---->\n    <!---->\n    <div class=\"h-section-grid-container h-section-boxed-container\">\n      <div data-colibri-id=\"3685-c59\" class=\"h-row-container gutters-row-lg-2 gutters-row-md-2 gutters-row-2 gutters-row-v-lg-2 gutters-row-v-md-2 gutters-row-v-2 style-1141 style-local-3685-c59 position-relative\">\n        <!---->\n        <div class=\"h-row justify-content-lg-center justify-content-md-center justify-content-center align-items-lg-stretch align-items-md-stretch align-items-stretch gutters-col-lg-2 gutters-col-md-2 gutters-col-2 gutters-col-v-lg-2 gutters-col-v-md-2 gutters-col-v-2\">\n          <!---->\n          <div class=\"h-column h-column-container d-flex h-col-lg-auto h-col-md-auto h-col-auto style-1142-outer style-local-3685-c60-outer\">\n            <div data-colibri-id=\"3685-c60\" class=\"d-flex h-flex-basis h-column__inner h-px-lg-2 h-px-md-2 h-px-2 v-inner-lg-2 v-inner-md-2 v-inner-2 style-1142 style-local-3685-c60 position-relative\">\n              <!---->\n              <!---->\n              <div class=\"w-100 h-y-container h-column__content h-column__v-align flex-basis-100 align-self-lg-start align-self-md-start align-self-start\">\n                <!---->\n                <div data-colibri-id=\"3685-c62\" class=\"h-lead h-text h-text-component style-1144 style-local-3685-c62 position-relative h-element\">\n                  <!---->\n                  <!---->\n                  <div class=\"\">\n                    <p><span style=\"color: rgb(0, 10, 15);\">1978 erfolgte der Aufbau eines Juniorenteams.&nbsp;In diesem Jahr gelangen au\u00dferdem der Gewinn des FDGB-Kreispokals sowie des Jahrestagspokals. 1979 folgte der Vizemeistertitel.&nbsp;Nach 5-j\u00e4hriger Zweitklassigkeit spielte die 1. M\u00e4nnermannschaft ab 1987 wieder in der h\u00f6chsten Spielklasse.<\/span><\/p>\n                  <\/div>\n                <\/div>\n              <\/div>\n            <\/div>\n          <\/div>\n        <\/div>\n      <\/div>\n      <div data-colibri-id=\"3685-c56\" class=\"h-row-container gutters-row-lg-1 gutters-row-md-1 gutters-row-2 gutters-row-v-lg-1 gutters-row-v-md-1 gutters-row-v-2 style-1138 style-local-3685-c56 position-relative\">\n        <!---->\n        <div class=\"h-row justify-content-lg-center justify-content-md-center justify-content-center align-items-lg-stretch align-items-md-stretch align-items-stretch gutters-col-lg-1 gutters-col-md-1 gutters-col-2 gutters-col-v-lg-1 gutters-col-v-md-1 gutters-col-v-2\">\n          <!---->\n          <div class=\"h-column h-column-container d-flex h-col-lg-auto h-col-md-auto h-col-auto style-1139-outer style-local-3685-c57-outer\">\n            <div data-colibri-id=\"3685-c57\" class=\"d-flex h-flex-basis h-column__inner h-px-lg-1 h-px-md-1 h-px-2 v-inner-lg-1 v-inner-md-1 v-inner-2 style-1139 style-local-3685-c57 position-relative\">\n              <!---->\n              <!---->\n              <div class=\"w-100 h-y-container h-column__content h-column__v-align flex-basis-100 align-self-lg-start align-self-md-start align-self-start\">\n                <!---->\n                <div data-colibri-component=\"\" data-colibri-id=\"3685-c58\" class=\"h-photo-gallery margin-none caption-displayTrue caption-vertical-align-top style-1140 style-local-3685-c58 h-overflow-hidden position-relative h-element\">\n                  <!---->\n                  <div class=\"h-global-transition-all\"><div id='colibri-3685-c58' class='gallery-wrapper'>    <style type=\"text\/css\">\n\n        @media (min-width: 1023px) {        #colibri-3685-c58        dl {\n            float: left;\n            width: 25% !important;\n            max-width: 25% !important;\n            min-width: 25% !important;\n        }\n\n        #colibri-3685-c58        dl:nth-of-type(4n +1 ) {\n            clear: both;\n        }\n\n        }@media (min-width: 768px) and (max-width: 1023px) {        #colibri-3685-c58        dl {\n            float: left;\n            width: 25% !important;\n            max-width: 25% !important;\n            min-width: 25% !important;\n        }\n\n        #colibri-3685-c58        dl:nth-of-type(4n +1 ) {\n            clear: both;\n        }\n\n        }@media (max-width: 767px) {        #colibri-3685-c58        dl {\n            float: left;\n            width: 50% !important;\n            max-width: 50% !important;\n            min-width: 50% !important;\n        }\n\n        #colibri-3685-c58        dl:nth-of-type(2n +1 ) {\n            clear: both;\n        }\n\n        }\n        #colibri-3685-c58        .gallery-item {\n            position: relative;\n        }\n\n        \n    <\/style>\n    <div   class='colibri-3685-c58-dls-wrapper gallery-items-wrapper' ><dl class='gallery-item masonry-item'>\n\t\t\t<dt class='gallery-icon landscape'>\n\t\t\t\t<a data-fancybox=\"colibri-3685-c58-group\" href='https:\/\/fv-hafen.de\/wp-content\/uploads\/2025\/09\/cropped-cropped-1973-scaled-1.jpg'><img loading=\"lazy\" decoding=\"async\"  width=\"300\" height=\"300\" src=\"https:\/\/fv-hafen.de\/wp-content\/uploads\/2025\/09\/cropped-cropped-1973-scaled-1-300x300.jpg\"  class='colibri-3685-c58-image' alt=\"\" aria-describedby=\"gallery-2-4688\" srcset=\"https:\/\/fv-hafen.de\/wp-content\/uploads\/2025\/09\/cropped-cropped-1973-scaled-1-300x300.jpg 300w, https:\/\/fv-hafen.de\/wp-content\/uploads\/2025\/09\/cropped-cropped-1973-scaled-1-1024x1024.jpg 1024w, https:\/\/fv-hafen.de\/wp-content\/uploads\/2025\/09\/cropped-cropped-1973-scaled-1-150x150.jpg 150w, https:\/\/fv-hafen.de\/wp-content\/uploads\/2025\/09\/cropped-cropped-1973-scaled-1-768x768.jpg 768w, https:\/\/fv-hafen.de\/wp-content\/uploads\/2025\/09\/cropped-cropped-1973-scaled-1-1536x1536.jpg 1536w, https:\/\/fv-hafen.de\/wp-content\/uploads\/2025\/09\/cropped-cropped-1973-scaled-1.jpg 1962w\" sizes=\"auto, (max-width: 300px) 100vw, 300px\" \/><\/a>\n\t\t\t<\/dt>\n\t\t\t\t<div class=\"gallery-caption__wrapper\"><dd class='wp-caption-text gallery-caption' id='gallery-2-4688'>\n\t\t\t\tMannschaft 1978\n\t\t\t\t<\/dd><\/div><\/dl><dl class='gallery-item masonry-item'>\n\t\t\t<dt class='gallery-icon landscape'>\n\t\t\t\t<a data-fancybox=\"colibri-3685-c58-group\" href='https:\/\/fv-hafen.de\/wp-content\/uploads\/2025\/09\/cropped-1978-Jahrestagspokalsieger.jpg'><img loading=\"lazy\" decoding=\"async\"  width=\"300\" height=\"300\" src=\"https:\/\/fv-hafen.de\/wp-content\/uploads\/2025\/09\/cropped-1978-Jahrestagspokalsieger-300x300.jpg\"  class='colibri-3685-c58-image' alt=\"\" aria-describedby=\"gallery-2-4686\" srcset=\"https:\/\/fv-hafen.de\/wp-content\/uploads\/2025\/09\/cropped-1978-Jahrestagspokalsieger-300x300.jpg 300w, https:\/\/fv-hafen.de\/wp-content\/uploads\/2025\/09\/cropped-1978-Jahrestagspokalsieger-1024x1024.jpg 1024w, https:\/\/fv-hafen.de\/wp-content\/uploads\/2025\/09\/cropped-1978-Jahrestagspokalsieger-150x150.jpg 150w, https:\/\/fv-hafen.de\/wp-content\/uploads\/2025\/09\/cropped-1978-Jahrestagspokalsieger-768x768.jpg 768w, https:\/\/fv-hafen.de\/wp-content\/uploads\/2025\/09\/cropped-1978-Jahrestagspokalsieger-1536x1536.jpg 1536w, https:\/\/fv-hafen.de\/wp-content\/uploads\/2025\/09\/cropped-1978-Jahrestagspokalsieger.jpg 1759w\" sizes=\"auto, (max-width: 300px) 100vw, 300px\" \/><\/a>\n\t\t\t<\/dt>\n\t\t\t\t<div class=\"gallery-caption__wrapper\"><dd class='wp-caption-text gallery-caption' id='gallery-2-4686'>\n\t\t\t\tJahrestagpokalsieger\n\t\t\t\t<\/dd><\/div><\/dl><dl class='gallery-item masonry-item'>\n\t\t\t<dt class='gallery-icon landscape'>\n\t\t\t\t<a data-fancybox=\"colibri-3685-c58-group\" href='https:\/\/fv-hafen.de\/wp-content\/uploads\/2025\/09\/1986.jpg'><img loading=\"lazy\" decoding=\"async\"  width=\"300\" height=\"208\" src=\"https:\/\/fv-hafen.de\/wp-content\/uploads\/2025\/09\/1986-300x208.jpg\"  class='colibri-3685-c58-image' alt=\"\" aria-describedby=\"gallery-2-4690\" srcset=\"https:\/\/fv-hafen.de\/wp-content\/uploads\/2025\/09\/1986-300x208.jpg 300w, https:\/\/fv-hafen.de\/wp-content\/uploads\/2025\/09\/1986-1024x710.jpg 1024w, https:\/\/fv-hafen.de\/wp-content\/uploads\/2025\/09\/1986-768x532.jpg 768w, https:\/\/fv-hafen.de\/wp-content\/uploads\/2025\/09\/1986-1536x1064.jpg 1536w, https:\/\/fv-hafen.de\/wp-content\/uploads\/2025\/09\/1986.jpg 1671w\" sizes=\"auto, (max-width: 300px) 100vw, 300px\" \/><\/a>\n\t\t\t<\/dt>\n\t\t\t\t<div class=\"gallery-caption__wrapper\"><dd class='wp-caption-text gallery-caption' id='gallery-2-4690'>\n\t\t\t\tMannschaft 1986\n\t\t\t\t<\/dd><\/div><\/dl><dl class='gallery-item masonry-item'>\n\t\t\t<dt class='gallery-icon landscape'>\n\t\t\t\t<a data-fancybox=\"colibri-3685-c58-group\" href='https:\/\/fv-hafen.de\/wp-content\/uploads\/2025\/09\/cropped-1978.jpg'><img loading=\"lazy\" decoding=\"async\"  width=\"300\" height=\"300\" src=\"https:\/\/fv-hafen.de\/wp-content\/uploads\/2025\/09\/cropped-1978-300x300.jpg\"  class='colibri-3685-c58-image' alt=\"\" aria-describedby=\"gallery-2-4687\" srcset=\"https:\/\/fv-hafen.de\/wp-content\/uploads\/2025\/09\/cropped-1978-300x300.jpg 300w, https:\/\/fv-hafen.de\/wp-content\/uploads\/2025\/09\/cropped-1978-150x150.jpg 150w, https:\/\/fv-hafen.de\/wp-content\/uploads\/2025\/09\/cropped-1978.jpg 509w\" sizes=\"auto, (max-width: 300px) 100vw, 300px\" \/><\/a>\n\t\t\t<\/dt>\n\t\t\t\t<div class=\"gallery-caption__wrapper\"><dd class='wp-caption-text gallery-caption' id='gallery-2-4687'>\n\t\t\t\tZeitungsartikel 78\n\t\t\t\t<\/dd><\/div><\/dl>\n\t\t<\/div>\n<style>#colibri-3685-c58 .wp-caption-text.gallery-caption{display:none;}<\/style><\/div><\/div>\n                <\/div>\n              <\/div>\n            <\/div>\n          <\/div>\n        <\/div>\n      <\/div>\n    <\/div>\n  <\/div>\n  <div data-colibri-component=\"section\" data-colibri-id=\"3685-c63\" id=\"photo-gallery-3\" class=\"h-section h-section-global-spacing d-flex align-items-lg-center align-items-md-center align-items-center style-1145 style-local-3685-c63 position-relative\">\n    <!---->\n    <!---->\n    <div class=\"h-section-grid-container h-section-boxed-container\">\n      <div data-colibri-id=\"3685-c67\" class=\"h-row-container gutters-row-lg-2 gutters-row-md-2 gutters-row-2 gutters-row-v-lg-2 gutters-row-v-md-2 gutters-row-v-2 style-1149 style-local-3685-c67 position-relative\">\n        <!---->\n        <div class=\"h-row justify-content-lg-center justify-content-md-center justify-content-center align-items-lg-stretch align-items-md-stretch align-items-stretch gutters-col-lg-2 gutters-col-md-2 gutters-col-2 gutters-col-v-lg-2 gutters-col-v-md-2 gutters-col-v-2\">\n          <!---->\n          <div class=\"h-column h-column-container d-flex h-col-lg-auto h-col-md-auto h-col-auto style-1150-outer style-local-3685-c68-outer\">\n            <div data-colibri-id=\"3685-c68\" class=\"d-flex h-flex-basis h-column__inner h-px-lg-2 h-px-md-2 h-px-2 v-inner-lg-2 v-inner-md-2 v-inner-2 style-1150 style-local-3685-c68 position-relative\">\n              <!---->\n              <!---->\n              <div class=\"w-100 h-y-container h-column__content h-column__v-align flex-basis-100 align-self-lg-start align-self-md-start align-self-start\">\n                <!---->\n                <div data-colibri-id=\"3685-c70\" class=\"h-lead h-text h-text-component style-1152 style-local-3685-c70 position-relative h-element\">\n                  <!---->\n                  <!---->\n                  <div class=\"\">\n                    <p><span style=\"color: rgb(0, 10, 15);\">Am 27.11.1990 erfolgte die Gr\u00fcndung der FV Hafen Dresden e.V. aus der Sektion Fu\u00dfball der BSG Hafen Dresden.&nbsp;1993 folgte ein erfolgreiches Jahr mit dem 3. Platz in der Stadtliga und dem Aufstieg der 2. M\u00e4nnermannschaft in die 1. Stadtklasse.1998 kam es zum Abstieg der 1. M\u00e4nnermannschaft in die 1. Stadtklasse. Durch das Hochwasser 2002 verlor der Verein seine Spielst\u00e4tte an der Ostra-Allee. Der Spiel- und Vereinsbetrieb konnte auf dem Sportgel\u00e4nde Williamstra\u00dfe 12 fortgef\u00fchrt werden. Es folgte die Entscheidung der Vereinsmitglieder zum dauerhaften Verbleib auf dieser Spielst\u00e4tte.&nbsp;2006 gelang der 1. M\u00e4nnermannschaft der Wiederaufstieg in die Kreisliga, in der sie sich auch in den folgenden Jahren behaupten konnte. Im Jahr 2010 wurden die Stadtligen in die Gruppen A, B und C neugeordnet.<\/span><\/p>\n                  <\/div>\n                <\/div>\n              <\/div>\n            <\/div>\n          <\/div>\n        <\/div>\n      <\/div>\n      <div data-colibri-id=\"3685-c64\" class=\"h-row-container gutters-row-lg-1 gutters-row-md-1 gutters-row-2 gutters-row-v-lg-1 gutters-row-v-md-1 gutters-row-v-2 style-1146 style-local-3685-c64 position-relative\">\n        <!---->\n        <div class=\"h-row justify-content-lg-center justify-content-md-center justify-content-center align-items-lg-stretch align-items-md-stretch align-items-stretch gutters-col-lg-1 gutters-col-md-1 gutters-col-2 gutters-col-v-lg-1 gutters-col-v-md-1 gutters-col-v-2\">\n          <!---->\n          <div class=\"h-column h-column-container d-flex h-col-lg-auto h-col-md-auto h-col-auto style-1147-outer style-local-3685-c65-outer\">\n            <div data-colibri-id=\"3685-c65\" class=\"d-flex h-flex-basis h-column__inner h-px-lg-1 h-px-md-1 h-px-2 v-inner-lg-1 v-inner-md-1 v-inner-2 style-1147 style-local-3685-c65 position-relative\">\n              <!---->\n              <!---->\n              <div class=\"w-100 h-y-container h-column__content h-column__v-align flex-basis-100 align-self-lg-start align-self-md-start align-self-start\">\n                <!---->\n                <div data-colibri-component=\"\" data-colibri-id=\"3685-c66\" class=\"h-photo-gallery margin-none caption-displayTrue caption-vertical-align-top style-1148 style-local-3685-c66 h-overflow-hidden position-relative h-element\">\n                  <!---->\n                  <div class=\"h-global-transition-all\"><div id='colibri-3685-c66' class='gallery-wrapper'>    <style type=\"text\/css\">\n\n        @media (min-width: 1023px) {        #colibri-3685-c66        dl {\n            float: left;\n            width: 25% !important;\n            max-width: 25% !important;\n            min-width: 25% !important;\n        }\n\n        #colibri-3685-c66        dl:nth-of-type(4n +1 ) {\n            clear: both;\n        }\n\n        }@media (min-width: 768px) and (max-width: 1023px) {        #colibri-3685-c66        dl {\n            float: left;\n            width: 25% !important;\n            max-width: 25% !important;\n            min-width: 25% !important;\n        }\n\n        #colibri-3685-c66        dl:nth-of-type(4n +1 ) {\n            clear: both;\n        }\n\n        }@media (max-width: 767px) {        #colibri-3685-c66        dl {\n            float: left;\n            width: 50% !important;\n            max-width: 50% !important;\n            min-width: 50% !important;\n        }\n\n        #colibri-3685-c66        dl:nth-of-type(2n +1 ) {\n            clear: both;\n        }\n\n        }\n        #colibri-3685-c66        .gallery-item {\n            position: relative;\n        }\n\n        \n    <\/style>\n    <div   class='colibri-3685-c66-dls-wrapper gallery-items-wrapper' ><dl class='gallery-item masonry-item'>\n\t\t\t<dt class='gallery-icon landscape'>\n\t\t\t\t<a data-fancybox=\"colibri-3685-c66-group\" href='https:\/\/fv-hafen.de\/wp-content\/uploads\/2025\/09\/1991.jpg'><img loading=\"lazy\" decoding=\"async\"  width=\"300\" height=\"219\" src=\"https:\/\/fv-hafen.de\/wp-content\/uploads\/2025\/09\/1991-300x219.jpg\"  class='colibri-3685-c66-image' alt=\"\" aria-describedby=\"gallery-3-4702\" srcset=\"https:\/\/fv-hafen.de\/wp-content\/uploads\/2025\/09\/1991-300x219.jpg 300w, https:\/\/fv-hafen.de\/wp-content\/uploads\/2025\/09\/1991-1024x749.jpg 1024w, https:\/\/fv-hafen.de\/wp-content\/uploads\/2025\/09\/1991-768x562.jpg 768w, https:\/\/fv-hafen.de\/wp-content\/uploads\/2025\/09\/1991.jpg 1232w\" sizes=\"auto, (max-width: 300px) 100vw, 300px\" \/><\/a>\n\t\t\t<\/dt>\n\t\t\t\t<div class=\"gallery-caption__wrapper\"><dd class='wp-caption-text gallery-caption' id='gallery-3-4702'>\n\t\t\t\tMannschaft 1991\n\t\t\t\t<\/dd><\/div><\/dl><dl class='gallery-item masonry-item'>\n\t\t\t<dt class='gallery-icon landscape'>\n\t\t\t\t<a data-fancybox=\"colibri-3685-c66-group\" href='https:\/\/fv-hafen.de\/wp-content\/uploads\/2025\/09\/1992-scaled.jpg'><img loading=\"lazy\" decoding=\"async\"  width=\"300\" height=\"177\" src=\"https:\/\/fv-hafen.de\/wp-content\/uploads\/2025\/09\/1992-300x177.jpg\"  class='colibri-3685-c66-image' alt=\"\" aria-describedby=\"gallery-3-4694\" srcset=\"https:\/\/fv-hafen.de\/wp-content\/uploads\/2025\/09\/1992-300x177.jpg 300w, https:\/\/fv-hafen.de\/wp-content\/uploads\/2025\/09\/1992-1024x603.jpg 1024w, https:\/\/fv-hafen.de\/wp-content\/uploads\/2025\/09\/1992-768x452.jpg 768w, https:\/\/fv-hafen.de\/wp-content\/uploads\/2025\/09\/1992-1536x905.jpg 1536w, https:\/\/fv-hafen.de\/wp-content\/uploads\/2025\/09\/1992-2048x1206.jpg 2048w\" sizes=\"auto, (max-width: 300px) 100vw, 300px\" \/><\/a>\n\t\t\t<\/dt>\n\t\t\t\t<div class=\"gallery-caption__wrapper\"><dd class='wp-caption-text gallery-caption' id='gallery-3-4694'>\n\t\t\t\tMannschaft 1992\n\t\t\t\t<\/dd><\/div><\/dl><dl class='gallery-item masonry-item'>\n\t\t\t<dt class='gallery-icon landscape'>\n\t\t\t\t<a data-fancybox=\"colibri-3685-c66-group\" href='https:\/\/fv-hafen.de\/wp-content\/uploads\/2025\/09\/spiel1.jpg'><img loading=\"lazy\" decoding=\"async\"  width=\"300\" height=\"266\" src=\"https:\/\/fv-hafen.de\/wp-content\/uploads\/2025\/09\/spiel1-300x266.jpg\"  class='colibri-3685-c66-image' alt=\"\" srcset=\"https:\/\/fv-hafen.de\/wp-content\/uploads\/2025\/09\/spiel1-300x266.jpg 300w, https:\/\/fv-hafen.de\/wp-content\/uploads\/2025\/09\/spiel1-1024x909.jpg 1024w, https:\/\/fv-hafen.de\/wp-content\/uploads\/2025\/09\/spiel1-768x682.jpg 768w, https:\/\/fv-hafen.de\/wp-content\/uploads\/2025\/09\/spiel1.jpg 1500w\" sizes=\"auto, (max-width: 300px) 100vw, 300px\" \/><\/a>\n\t\t\t<\/dt><\/dl><dl class='gallery-item masonry-item'>\n\t\t\t<dt class='gallery-icon portrait'>\n\t\t\t\t<a data-fancybox=\"colibri-3685-c66-group\" href='https:\/\/fv-hafen.de\/wp-content\/uploads\/2025\/09\/zeitung1.jpg'><img loading=\"lazy\" decoding=\"async\"  width=\"293\" height=\"300\" src=\"https:\/\/fv-hafen.de\/wp-content\/uploads\/2025\/09\/zeitung1-293x300.jpg\"  class='colibri-3685-c66-image' alt=\"\" srcset=\"https:\/\/fv-hafen.de\/wp-content\/uploads\/2025\/09\/zeitung1-293x300.jpg 293w, https:\/\/fv-hafen.de\/wp-content\/uploads\/2025\/09\/zeitung1-999x1024.jpg 999w, https:\/\/fv-hafen.de\/wp-content\/uploads\/2025\/09\/zeitung1-768x787.jpg 768w, https:\/\/fv-hafen.de\/wp-content\/uploads\/2025\/09\/zeitung1-1498x1536.jpg 1498w, https:\/\/fv-hafen.de\/wp-content\/uploads\/2025\/09\/zeitung1.jpg 1820w\" sizes=\"auto, (max-width: 293px) 100vw, 293px\" \/><\/a>\n\t\t\t<\/dt><\/dl><dl class='gallery-item masonry-item'>\n\t\t\t<dt class='gallery-icon landscape'>\n\t\t\t\t<a data-fancybox=\"colibri-3685-c66-group\" href='https:\/\/fv-hafen.de\/wp-content\/uploads\/2025\/09\/gebaeude62-1.jpg'><img loading=\"lazy\" decoding=\"async\"  width=\"300\" height=\"181\" src=\"https:\/\/fv-hafen.de\/wp-content\/uploads\/2025\/09\/gebaeude62-1-300x181.jpg\"  class='colibri-3685-c66-image' alt=\"\" aria-describedby=\"gallery-3-4699\" srcset=\"https:\/\/fv-hafen.de\/wp-content\/uploads\/2025\/09\/gebaeude62-1-300x181.jpg 300w, https:\/\/fv-hafen.de\/wp-content\/uploads\/2025\/09\/gebaeude62-1-768x464.jpg 768w, https:\/\/fv-hafen.de\/wp-content\/uploads\/2025\/09\/gebaeude62-1.jpg 1024w\" sizes=\"auto, (max-width: 300px) 100vw, 300px\" \/><\/a>\n\t\t\t<\/dt>\n\t\t\t\t<div class=\"gallery-caption__wrapper\"><dd class='wp-caption-text gallery-caption' id='gallery-3-4699'>\n\t\t\t\tAltes Hafengeb\u00e4ude\n\t\t\t\t<\/dd><\/div><\/dl><dl class='gallery-item masonry-item'>\n\t\t\t<dt class='gallery-icon landscape'>\n\t\t\t\t<a data-fancybox=\"colibri-3685-c66-group\" href='https:\/\/fv-hafen.de\/wp-content\/uploads\/2025\/09\/gebaeude99-scaled.jpg'><img loading=\"lazy\" decoding=\"async\"  width=\"300\" height=\"168\" src=\"https:\/\/fv-hafen.de\/wp-content\/uploads\/2025\/09\/gebaeude99-300x168.jpg\"  class='colibri-3685-c66-image' alt=\"\" aria-describedby=\"gallery-3-4698\" srcset=\"https:\/\/fv-hafen.de\/wp-content\/uploads\/2025\/09\/gebaeude99-300x168.jpg 300w, https:\/\/fv-hafen.de\/wp-content\/uploads\/2025\/09\/gebaeude99-1024x572.jpg 1024w, https:\/\/fv-hafen.de\/wp-content\/uploads\/2025\/09\/gebaeude99-768x429.jpg 768w, https:\/\/fv-hafen.de\/wp-content\/uploads\/2025\/09\/gebaeude99-1536x858.jpg 1536w, https:\/\/fv-hafen.de\/wp-content\/uploads\/2025\/09\/gebaeude99-2048x1144.jpg 2048w\" sizes=\"auto, (max-width: 300px) 100vw, 300px\" \/><\/a>\n\t\t\t<\/dt>\n\t\t\t\t<div class=\"gallery-caption__wrapper\"><dd class='wp-caption-text gallery-caption' id='gallery-3-4698'>\n\t\t\t\tAltes Hafengeb\u00e4ude\n\t\t\t\t<\/dd><\/div><\/dl><dl class='gallery-item masonry-item'>\n\t\t\t<dt class='gallery-icon landscape'>\n\t\t\t\t<a data-fancybox=\"colibri-3685-c66-group\" href='https:\/\/fv-hafen.de\/wp-content\/uploads\/2025\/09\/hafen1-1-scaled.jpg'><img loading=\"lazy\" decoding=\"async\"  width=\"300\" height=\"225\" src=\"https:\/\/fv-hafen.de\/wp-content\/uploads\/2025\/09\/hafen1-1-300x225.jpg\"  class='colibri-3685-c66-image' alt=\"\" aria-describedby=\"gallery-3-4693\" srcset=\"https:\/\/fv-hafen.de\/wp-content\/uploads\/2025\/09\/hafen1-1-300x225.jpg 300w, https:\/\/fv-hafen.de\/wp-content\/uploads\/2025\/09\/hafen1-1-1024x768.jpg 1024w, https:\/\/fv-hafen.de\/wp-content\/uploads\/2025\/09\/hafen1-1-768x576.jpg 768w, https:\/\/fv-hafen.de\/wp-content\/uploads\/2025\/09\/hafen1-1-1536x1152.jpg 1536w, https:\/\/fv-hafen.de\/wp-content\/uploads\/2025\/09\/hafen1-1-2048x1536.jpg 2048w\" sizes=\"auto, (max-width: 300px) 100vw, 300px\" \/><\/a>\n\t\t\t<\/dt>\n\t\t\t\t<div class=\"gallery-caption__wrapper\"><dd class='wp-caption-text gallery-caption' id='gallery-3-4693'>\n\t\t\t\tSpA Saalhausener Str.\n\t\t\t\t<\/dd><\/div><\/dl><dl class='gallery-item masonry-item'>\n\t\t\t<dt class='gallery-icon landscape'>\n\t\t\t\t<a data-fancybox=\"colibri-3685-c66-group\" href='https:\/\/fv-hafen.de\/wp-content\/uploads\/2025\/09\/IMG_8636-1-scaled.jpg'><img loading=\"lazy\" decoding=\"async\"  width=\"300\" height=\"169\" src=\"https:\/\/fv-hafen.de\/wp-content\/uploads\/2025\/09\/IMG_8636-1-300x169.jpg\"  class='colibri-3685-c66-image' alt=\"\" aria-describedby=\"gallery-3-4697\" srcset=\"https:\/\/fv-hafen.de\/wp-content\/uploads\/2025\/09\/IMG_8636-1-300x169.jpg 300w, https:\/\/fv-hafen.de\/wp-content\/uploads\/2025\/09\/IMG_8636-1-1024x576.jpg 1024w, https:\/\/fv-hafen.de\/wp-content\/uploads\/2025\/09\/IMG_8636-1-768x432.jpg 768w, https:\/\/fv-hafen.de\/wp-content\/uploads\/2025\/09\/IMG_8636-1-1536x864.jpg 1536w, https:\/\/fv-hafen.de\/wp-content\/uploads\/2025\/09\/IMG_8636-1-2048x1152.jpg 2048w\" sizes=\"auto, (max-width: 300px) 100vw, 300px\" \/><\/a>\n\t\t\t<\/dt>\n\t\t\t\t<div class=\"gallery-caption__wrapper\"><dd class='wp-caption-text gallery-caption' id='gallery-3-4697'>\n\t\t\t\tNeubau Vereinsgb\u00e4ude 2019\n\t\t\t\t<\/dd><\/div><\/dl><dl class='gallery-item masonry-item'>\n\t\t\t<dt class='gallery-icon landscape'>\n\t\t\t\t<a data-fancybox=\"colibri-3685-c66-group\" href='https:\/\/fv-hafen.de\/wp-content\/uploads\/2025\/09\/2018-09-18_11_09_22.jpg'><img loading=\"lazy\" decoding=\"async\"  width=\"300\" height=\"238\" src=\"https:\/\/fv-hafen.de\/wp-content\/uploads\/2025\/09\/2018-09-18_11_09_22-300x238.jpg\"  class='colibri-3685-c66-image' alt=\"\" aria-describedby=\"gallery-3-4696\" srcset=\"https:\/\/fv-hafen.de\/wp-content\/uploads\/2025\/09\/2018-09-18_11_09_22-300x238.jpg 300w, https:\/\/fv-hafen.de\/wp-content\/uploads\/2025\/09\/2018-09-18_11_09_22-768x611.jpg 768w, https:\/\/fv-hafen.de\/wp-content\/uploads\/2025\/09\/2018-09-18_11_09_22.jpg 1024w\" sizes=\"auto, (max-width: 300px) 100vw, 300px\" \/><\/a>\n\t\t\t<\/dt>\n\t\t\t\t<div class=\"gallery-caption__wrapper\"><dd class='wp-caption-text gallery-caption' id='gallery-3-4696'>\n\t\t\t\t2010\n\t\t\t\t<\/dd><\/div><\/dl><dl class='gallery-item masonry-item'>\n\t\t\t<dt class='gallery-icon landscape'>\n\t\t\t\t<a data-fancybox=\"colibri-3685-c66-group\" href='https:\/\/fv-hafen.de\/wp-content\/uploads\/2025\/09\/2018-09-18_11_09_57.jpg'><img loading=\"lazy\" decoding=\"async\"  width=\"300\" height=\"230\" src=\"https:\/\/fv-hafen.de\/wp-content\/uploads\/2025\/09\/2018-09-18_11_09_57-300x230.jpg\"  class='colibri-3685-c66-image' alt=\"\" aria-describedby=\"gallery-3-4695\" srcset=\"https:\/\/fv-hafen.de\/wp-content\/uploads\/2025\/09\/2018-09-18_11_09_57-300x230.jpg 300w, https:\/\/fv-hafen.de\/wp-content\/uploads\/2025\/09\/2018-09-18_11_09_57-768x588.jpg 768w, https:\/\/fv-hafen.de\/wp-content\/uploads\/2025\/09\/2018-09-18_11_09_57.jpg 1024w\" sizes=\"auto, (max-width: 300px) 100vw, 300px\" \/><\/a>\n\t\t\t<\/dt>\n\t\t\t\t<div class=\"gallery-caption__wrapper\"><dd class='wp-caption-text gallery-caption' id='gallery-3-4695'>\n\t\t\t\t2010\n\t\t\t\t<\/dd><\/div><\/dl><dl class='gallery-item masonry-item'>\n\t\t\t<dt class='gallery-icon landscape'>\n\t\t\t\t<a data-fancybox=\"colibri-3685-c66-group\" href='https:\/\/fv-hafen.de\/wp-content\/uploads\/2025\/09\/PopDotComics1784850897-scaled.jpg'><img loading=\"lazy\" decoding=\"async\"  width=\"300\" height=\"156\" src=\"https:\/\/fv-hafen.de\/wp-content\/uploads\/2025\/09\/PopDotComics1784850897-300x156.jpg\"  class='colibri-3685-c66-image' alt=\"\" aria-describedby=\"gallery-3-4691\" srcset=\"https:\/\/fv-hafen.de\/wp-content\/uploads\/2025\/09\/PopDotComics1784850897-300x156.jpg 300w, https:\/\/fv-hafen.de\/wp-content\/uploads\/2025\/09\/PopDotComics1784850897-1024x533.jpg 1024w, https:\/\/fv-hafen.de\/wp-content\/uploads\/2025\/09\/PopDotComics1784850897-768x399.jpg 768w, https:\/\/fv-hafen.de\/wp-content\/uploads\/2025\/09\/PopDotComics1784850897-1536x799.jpg 1536w, https:\/\/fv-hafen.de\/wp-content\/uploads\/2025\/09\/PopDotComics1784850897-2048x1065.jpg 2048w\" sizes=\"auto, (max-width: 300px) 100vw, 300px\" \/><\/a>\n\t\t\t<\/dt>\n\t\t\t\t<div class=\"gallery-caption__wrapper\"><dd class='wp-caption-text gallery-caption' id='gallery-3-4691'>\n\t\t\t\t2010\n\t\t\t\t<\/dd><\/div><\/dl><dl class='gallery-item masonry-item'>\n\t\t\t<dt class='gallery-icon portrait'>\n\t\t\t\t<a data-fancybox=\"colibri-3685-c66-group\" href='https:\/\/fv-hafen.de\/wp-content\/uploads\/2025\/09\/PopDotComics1459862121.jpg'><img loading=\"lazy\" decoding=\"async\"  width=\"300\" height=\"300\" src=\"https:\/\/fv-hafen.de\/wp-content\/uploads\/2025\/09\/PopDotComics1459862121-300x300.jpg\"  class='colibri-3685-c66-image' alt=\"\" aria-describedby=\"gallery-3-4692\" srcset=\"https:\/\/fv-hafen.de\/wp-content\/uploads\/2025\/09\/PopDotComics1459862121-300x300.jpg 300w, https:\/\/fv-hafen.de\/wp-content\/uploads\/2025\/09\/PopDotComics1459862121-1022x1024.jpg 1022w, https:\/\/fv-hafen.de\/wp-content\/uploads\/2025\/09\/PopDotComics1459862121-150x150.jpg 150w, https:\/\/fv-hafen.de\/wp-content\/uploads\/2025\/09\/PopDotComics1459862121-768x770.jpg 768w, https:\/\/fv-hafen.de\/wp-content\/uploads\/2025\/09\/PopDotComics1459862121-1533x1536.jpg 1533w, https:\/\/fv-hafen.de\/wp-content\/uploads\/2025\/09\/PopDotComics1459862121.jpg 1997w\" sizes=\"auto, (max-width: 300px) 100vw, 300px\" \/><\/a>\n\t\t\t<\/dt>\n\t\t\t\t<div class=\"gallery-caption__wrapper\"><dd class='wp-caption-text gallery-caption' id='gallery-3-4692'>\n\t\t\t\t2010\n\t\t\t\t<\/dd><\/div><\/dl>\n\t\t<\/div>\n<style>#colibri-3685-c66 .wp-caption-text.gallery-caption{display:none;}<\/style><\/div><\/div>\n                <\/div>\n              <\/div>\n            <\/div>\n          <\/div>\n        <\/div>\n      <\/div>\n    <\/div>\n  <\/div>\n  <div data-colibri-component=\"section\" data-colibri-id=\"3685-c71\" id=\"photo-gallery-4\" class=\"h-section h-section-global-spacing d-flex align-items-lg-center align-items-md-center align-items-center style-1153 style-local-3685-c71 position-relative\">\n    <!---->\n    <!---->\n    <div class=\"h-section-grid-container h-section-boxed-container\">\n      <div data-colibri-id=\"3685-c75\" class=\"h-row-container gutters-row-lg-2 gutters-row-md-2 gutters-row-2 gutters-row-v-lg-2 gutters-row-v-md-2 gutters-row-v-2 style-1157 style-local-3685-c75 position-relative\">\n        <!---->\n        <div class=\"h-row justify-content-lg-center justify-content-md-center justify-content-center align-items-lg-stretch align-items-md-stretch align-items-stretch gutters-col-lg-2 gutters-col-md-2 gutters-col-2 gutters-col-v-lg-2 gutters-col-v-md-2 gutters-col-v-2\">\n          <!---->\n          <div class=\"h-column h-column-container d-flex h-col-lg-auto h-col-md-auto h-col-auto style-1158-outer style-local-3685-c76-outer\">\n            <div data-colibri-id=\"3685-c76\" class=\"d-flex h-flex-basis h-column__inner h-px-lg-2 h-px-md-2 h-px-2 v-inner-lg-2 v-inner-md-2 v-inner-2 style-1158 style-local-3685-c76 position-relative\">\n              <!---->\n              <!---->\n              <div class=\"w-100 h-y-container h-column__content h-column__v-align flex-basis-100 align-self-lg-start align-self-md-start align-self-start\">\n                <!---->\n                <div data-colibri-id=\"3685-c78\" class=\"h-lead h-text h-text-component style-1160 style-local-3685-c78 position-relative h-element\">\n                  <!---->\n                  <!---->\n                  <div class=\"\">\n                    <p><span style=\"color: rgb(0, 10, 15);\">In der Saison 2010\/2011 folgte der Aufstieg in die Stadtliga A. In der Saison 2014\/2015 spielte die 1. M\u00e4nner lange Zeit um den Aufstieg in die Sparkassenoberliga mit. Nach dieser Saison trat jedoch mit dem Abstieg in die Stadtliga B Ern\u00fcchterung ein. Viele Spieler verlie\u00dfen daraufhin den Verein, die Spieler der 2. M\u00e4nner r\u00fcckten in das erste Team auf. Seither spielt der FV Hafen j\u00e4hrlich gegen den Abstieg.<\/span><\/p>\n                    <p><span style=\"color: rgb(0, 10, 15);\">Die Saison 2018\/2019 konnte unter den Cheftrainern Andreas Kramer und Tony Wartig fr\u00fchzeitig mit dem Klassenerhalt erfolgreich abgeschlossen werden. Die vor 2 Jahren installierte Spielgemeinschaft mit dem VfB 90 Dresden musste hingegen \u2013 auf Grund Spielermangel \u2013 aufgel\u00f6st werden. Der VfB 90 wurde 2019 in den FV Hafen integriert \u2013 die Sportgruppe Tennis kam hinzu und ist ab sofort Bestandteil unseres Vereins.<\/span><\/p>\n                    <p><span style=\"color: rgb(0, 10, 15);\">Die Saison 2019\/2020 musste wegen der Corona-Pandemie abgebrochen werden. Zum Zeitpunkt des Abbruchs befand sich die 1. M\u00e4nner in akuten Abstiegsn\u00f6ten. Der Stadtverband wertete das Ende der Saison, dass es keine Absteiger geben wird. In der Saison 21\/22 erreichte die 1. M\u00e4nner mit Platz 1 in der Vorrunde und Platz 2 in den Playoffs den gr\u00f6\u00dften Erfolg in den letzten 6 Jahren. Leider wurde jedoch die R\u00fcckkehr in die Stadtliga A verpasst.<\/span><\/p>\n                  <\/div>\n                <\/div>\n              <\/div>\n            <\/div>\n          <\/div>\n        <\/div>\n      <\/div>\n      <div data-colibri-id=\"3685-c72\" class=\"h-row-container gutters-row-lg-1 gutters-row-md-1 gutters-row-2 gutters-row-v-lg-1 gutters-row-v-md-1 gutters-row-v-2 style-1154 style-local-3685-c72 position-relative\">\n        <!---->\n        <div class=\"h-row justify-content-lg-center justify-content-md-center justify-content-center align-items-lg-stretch align-items-md-stretch align-items-stretch gutters-col-lg-1 gutters-col-md-1 gutters-col-2 gutters-col-v-lg-1 gutters-col-v-md-1 gutters-col-v-2\">\n          <!---->\n          <div class=\"h-column h-column-container d-flex h-col-lg-auto h-col-md-auto h-col-auto style-1155-outer style-local-3685-c73-outer\">\n            <div data-colibri-id=\"3685-c73\" class=\"d-flex h-flex-basis h-column__inner h-px-lg-1 h-px-md-1 h-px-2 v-inner-lg-1 v-inner-md-1 v-inner-2 style-1155 style-local-3685-c73 position-relative\">\n              <!---->\n              <!---->\n              <div class=\"w-100 h-y-container h-column__content h-column__v-align flex-basis-100 align-self-lg-start align-self-md-start align-self-start\">\n                <!---->\n                <div data-colibri-component=\"\" data-colibri-id=\"3685-c74\" class=\"h-photo-gallery margin-none caption-displayTrue caption-vertical-align-top style-1156 style-local-3685-c74 h-overflow-hidden position-relative h-element\">\n                  <!---->\n                  <div class=\"h-global-transition-all\"><div id='colibri-3685-c74' class='gallery-wrapper'>    <style type=\"text\/css\">\n\n        @media (min-width: 1023px) {        #colibri-3685-c74        dl {\n            float: left;\n            width: 25% !important;\n            max-width: 25% !important;\n            min-width: 25% !important;\n        }\n\n        #colibri-3685-c74        dl:nth-of-type(4n +1 ) {\n            clear: both;\n        }\n\n        }@media (min-width: 768px) and (max-width: 1023px) {        #colibri-3685-c74        dl {\n            float: left;\n            width: 25% !important;\n            max-width: 25% !important;\n            min-width: 25% !important;\n        }\n\n        #colibri-3685-c74        dl:nth-of-type(4n +1 ) {\n            clear: both;\n        }\n\n        }@media (max-width: 767px) {        #colibri-3685-c74        dl {\n            float: left;\n            width: 50% !important;\n            max-width: 50% !important;\n            min-width: 50% !important;\n        }\n\n        #colibri-3685-c74        dl:nth-of-type(2n +1 ) {\n            clear: both;\n        }\n\n        }\n        #colibri-3685-c74        .gallery-item {\n            position: relative;\n        }\n\n        \n    <\/style>\n    <div   class='colibri-3685-c74-dls-wrapper gallery-items-wrapper' ><dl class='gallery-item masonry-item'>\n\t\t\t<dt class='gallery-icon landscape'>\n\t\t\t\t<a data-fancybox=\"colibri-3685-c74-group\" href='https:\/\/fv-hafen.de\/wp-content\/uploads\/2025\/09\/2EFAC6C9-02B6-43AD-842B-C8F2148DCB9E.jpeg'><img loading=\"lazy\" decoding=\"async\"  width=\"300\" height=\"171\" src=\"https:\/\/fv-hafen.de\/wp-content\/uploads\/2025\/09\/2EFAC6C9-02B6-43AD-842B-C8F2148DCB9E-300x171.jpeg\"  class='colibri-3685-c74-image' alt=\"\" aria-describedby=\"gallery-4-4704\" srcset=\"https:\/\/fv-hafen.de\/wp-content\/uploads\/2025\/09\/2EFAC6C9-02B6-43AD-842B-C8F2148DCB9E-300x171.jpeg 300w, https:\/\/fv-hafen.de\/wp-content\/uploads\/2025\/09\/2EFAC6C9-02B6-43AD-842B-C8F2148DCB9E-768x438.jpeg 768w, https:\/\/fv-hafen.de\/wp-content\/uploads\/2025\/09\/2EFAC6C9-02B6-43AD-842B-C8F2148DCB9E.jpeg 800w\" sizes=\"auto, (max-width: 300px) 100vw, 300px\" \/><\/a>\n\t\t\t<\/dt>\n\t\t\t\t<div class=\"gallery-caption__wrapper\"><dd class='wp-caption-text gallery-caption' id='gallery-4-4704'>\n\t\t\t\tMannschaft 2018\/2019\n\t\t\t\t<\/dd><\/div><\/dl><dl class='gallery-item masonry-item'>\n\t\t\t<dt class='gallery-icon landscape'>\n\t\t\t\t<a data-fancybox=\"colibri-3685-c74-group\" href='https:\/\/fv-hafen.de\/wp-content\/uploads\/2025\/09\/5822FBE9-3EF9-4972-A5A1-B67389123D42-1536x1152-1.jpeg'><img loading=\"lazy\" decoding=\"async\"  width=\"300\" height=\"225\" src=\"https:\/\/fv-hafen.de\/wp-content\/uploads\/2025\/09\/5822FBE9-3EF9-4972-A5A1-B67389123D42-1536x1152-1-300x225.jpeg\"  class='colibri-3685-c74-image' alt=\"\" aria-describedby=\"gallery-4-4706\" srcset=\"https:\/\/fv-hafen.de\/wp-content\/uploads\/2025\/09\/5822FBE9-3EF9-4972-A5A1-B67389123D42-1536x1152-1-300x225.jpeg 300w, https:\/\/fv-hafen.de\/wp-content\/uploads\/2025\/09\/5822FBE9-3EF9-4972-A5A1-B67389123D42-1536x1152-1-1024x768.jpeg 1024w, https:\/\/fv-hafen.de\/wp-content\/uploads\/2025\/09\/5822FBE9-3EF9-4972-A5A1-B67389123D42-1536x1152-1-768x576.jpeg 768w, https:\/\/fv-hafen.de\/wp-content\/uploads\/2025\/09\/5822FBE9-3EF9-4972-A5A1-B67389123D42-1536x1152-1.jpeg 1536w\" sizes=\"auto, (max-width: 300px) 100vw, 300px\" \/><\/a>\n\t\t\t<\/dt>\n\t\t\t\t<div class=\"gallery-caption__wrapper\"><dd class='wp-caption-text gallery-caption' id='gallery-4-4706'>\n\t\t\t\tMannschaft 2022\/2023\n\t\t\t\t<\/dd><\/div><\/dl><dl class='gallery-item masonry-item'>\n\t\t\t<dt class='gallery-icon landscape'>\n\t\t\t\t<a data-fancybox=\"colibri-3685-c74-group\" href='https:\/\/fv-hafen.de\/wp-content\/uploads\/2025\/09\/a329f52a-0c7e-4c48-a631-2cf57cc1c088-2-1536x1152-1.jpg'><img loading=\"lazy\" decoding=\"async\"  width=\"300\" height=\"225\" src=\"https:\/\/fv-hafen.de\/wp-content\/uploads\/2025\/09\/a329f52a-0c7e-4c48-a631-2cf57cc1c088-2-1536x1152-1-300x225.jpg\"  class='colibri-3685-c74-image' alt=\"\" aria-describedby=\"gallery-4-4705\" srcset=\"https:\/\/fv-hafen.de\/wp-content\/uploads\/2025\/09\/a329f52a-0c7e-4c48-a631-2cf57cc1c088-2-1536x1152-1-300x225.jpg 300w, https:\/\/fv-hafen.de\/wp-content\/uploads\/2025\/09\/a329f52a-0c7e-4c48-a631-2cf57cc1c088-2-1536x1152-1-1024x768.jpg 1024w, https:\/\/fv-hafen.de\/wp-content\/uploads\/2025\/09\/a329f52a-0c7e-4c48-a631-2cf57cc1c088-2-1536x1152-1-768x576.jpg 768w, https:\/\/fv-hafen.de\/wp-content\/uploads\/2025\/09\/a329f52a-0c7e-4c48-a631-2cf57cc1c088-2-1536x1152-1.jpg 1536w\" sizes=\"auto, (max-width: 300px) 100vw, 300px\" \/><\/a>\n\t\t\t<\/dt>\n\t\t\t\t<div class=\"gallery-caption__wrapper\"><dd class='wp-caption-text gallery-caption' id='gallery-4-4705'>\n\t\t\t\t75 Jahre FV Hafen\n\t\t\t\t<\/dd><\/div><\/dl>\n\t\t\t\n\t\t<\/div>\n<style>#colibri-3685-c74 .wp-caption-text.gallery-caption{display:none;}<\/style><\/div><\/div>\n                <\/div>\n              <\/div>\n            <\/div>\n          <\/div>\n        <\/div>\n      <\/div>\n    <\/div>\n  <\/div>\n  <div data-colibri-component=\"section\" data-colibri-id=\"3685-c79\" id=\"photo-gallery-5\" class=\"h-section h-section-global-spacing d-flex align-items-lg-center align-items-md-center align-items-center style-1161 style-local-3685-c79 position-relative\">\n    <!---->\n    <!---->\n    <div class=\"h-section-grid-container h-section-boxed-container\">\n      <div data-colibri-id=\"3685-c83\" class=\"h-row-container gutters-row-lg-2 gutters-row-md-2 gutters-row-2 gutters-row-v-lg-2 gutters-row-v-md-2 gutters-row-v-2 style-1165 style-local-3685-c83 position-relative\">\n        <!---->\n        <div class=\"h-row justify-content-lg-center justify-content-md-center justify-content-center align-items-lg-stretch align-items-md-stretch align-items-stretch gutters-col-lg-2 gutters-col-md-2 gutters-col-2 gutters-col-v-lg-2 gutters-col-v-md-2 gutters-col-v-2\">\n          <!---->\n          <div class=\"h-column h-column-container d-flex h-col-lg-auto h-col-md-auto h-col-auto style-1166-outer style-local-3685-c84-outer\">\n            <div data-colibri-id=\"3685-c84\" class=\"d-flex h-flex-basis h-column__inner h-px-lg-2 h-px-md-2 h-px-2 v-inner-lg-2 v-inner-md-2 v-inner-2 style-1166 style-local-3685-c84 position-relative\">\n              <!---->\n              <!---->\n              <div class=\"w-100 h-y-container h-column__content h-column__v-align flex-basis-100 align-self-lg-start align-self-md-start align-self-start\">\n                <!---->\n                <div data-colibri-id=\"3685-c86\" class=\"h-lead h-text h-text-component style-1168 style-local-3685-c86 position-relative h-element\">\n                  <!---->\n                  <!---->\n                  <div class=\"\">\n                    <p><span style=\"color: rgb(0, 10, 15);\">Durch die Erneuerung der Flutlichtanlage im Jahr 2007 und dem Bau eines Kunstrasenplatzes sind f\u00fcr die Zukunft beste Bedingungen f\u00fcr alle Mannschaften gegeben. Seit dem Fr\u00fchjahr 2021 sind wir beheimatet auf der Saalhausener Stra\u00dfe 30. Ein modernes Funktionsgeb\u00e4ude sowie ein neuer Kunstrasenplatz wurden durch die Stadt Dresden errichtet. Zeitgleich wurden Kooperationsvertr\u00e4ge mit der SG Dynamo Dresden (Walking Football \u00dc55) sowie dem Fussballcampus Dresden e.V. (Jugendfussball) geschlossen.<\/span><\/p>\n                    <p><span style=\"color: rgb(0, 10, 15);\">Nach 8 Jahren in der Stadtliga B hat es die 1. M\u00e4nner wieder in die Stadtliga A geschafft. Der Aufstieg wurde zwar am vorletzten Spieltag verspielt, jedoch profitiert der Hafen von einer Neur\u00fcckregelung als Tabellendritter. In der folgenden Spielzeit hatte die 1. nichts mit den Abstieg zu tun und konnte als Tabellen 10. die Saison beenden.<br>Am Wochenende vom 15.06. bis 16.06.2024 feierte der FV Hafen mit einem gro\u00dfen Fest sein 75. Vereinsjubil\u00e4um. Als Highlight spielte u. a. die Ost-Fu\u00dfball-Tradtionsmannschaft mit Fu\u00dfballgr\u00f6\u00dfen wie Ralf Minge, Hartmut Schade und Thomas Ho\u00dfmang gegen unsere Altherren.<br><\/span><\/p>\n                  <\/div>\n                <\/div>\n              <\/div>\n            <\/div>\n          <\/div>\n        <\/div>\n      <\/div>\n      <div data-colibri-id=\"3685-c80\" class=\"h-row-container gutters-row-lg-1 gutters-row-md-1 gutters-row-2 gutters-row-v-lg-1 gutters-row-v-md-1 gutters-row-v-2 style-1162 style-local-3685-c80 position-relative\">\n        <!---->\n        <div class=\"h-row justify-content-lg-center justify-content-md-center justify-content-center align-items-lg-stretch align-items-md-stretch align-items-stretch gutters-col-lg-1 gutters-col-md-1 gutters-col-2 gutters-col-v-lg-1 gutters-col-v-md-1 gutters-col-v-2\">\n          <!---->\n          <div class=\"h-column h-column-container d-flex h-col-lg-auto h-col-md-auto h-col-auto style-1163-outer style-local-3685-c81-outer\">\n            <div data-colibri-id=\"3685-c81\" class=\"d-flex h-flex-basis h-column__inner h-ui-empty-state-container h-px-lg-1 h-px-md-1 h-px-2 v-inner-lg-1 v-inner-md-1 v-inner-2 style-1163 style-local-3685-c81 position-relative\">\n              <!---->\n              <!---->\n              <div class=\"w-100 h-y-container h-column__content h-column__v-align flex-basis-100\">\n                <!---->\n              <\/div>\n            <\/div>\n          <\/div>\n        <\/div>\n      <\/div>\n    <\/div>\n  <\/div>\n<\/div>","protected":false},"excerpt":{"rendered":"<p>1949 erfolgte die Gr\u00fcndung der BSG Hafen Dresden, mit einer Sektion Fu\u00dfball. Mannschaft 1959 Mannschaft 1964 Wimpel BSG 1967 erfolgte der Zusammenschluss mit der Fu\u00dfballsektion Dresden-Mitte unter Beibehaltung des Namens BSG Hafen Dresden.&nbsp;Im Jahr 1971 gelang der 1. M\u00e4nnermannschaft der Aufstieg in die 1. Kreisklasse. Nach sofortigem Wiederabstieg kam es 1974 zum erneuten Aufstieg und [&hellip;]<\/p>\n","protected":false},"author":1,"featured_media":0,"parent":0,"menu_order":0,"comment_status":"closed","ping_status":"closed","template":"page-templates\/full-width-page.php","meta":{"footnotes":""},"class_list":["post-3685","page","type-page","status-publish","hentry"],"jetpack_sharing_enabled":true,"_links":{"self":[{"href":"https:\/\/fv-hafen.de\/index.php?rest_route=\/wp\/v2\/pages\/3685","targetHints":{"allow":["GET"]}}],"collection":[{"href":"https:\/\/fv-hafen.de\/index.php?rest_route=\/wp\/v2\/pages"}],"about":[{"href":"https:\/\/fv-hafen.de\/index.php?rest_route=\/wp\/v2\/types\/page"}],"author":[{"embeddable":true,"href":"https:\/\/fv-hafen.de\/index.php?rest_route=\/wp\/v2\/users\/1"}],"replies":[{"embeddable":true,"href":"https:\/\/fv-hafen.de\/index.php?rest_route=%2Fwp%2Fv2%2Fcomments&post=3685"}],"version-history":[{"count":5,"href":"https:\/\/fv-hafen.de\/index.php?rest_route=\/wp\/v2\/pages\/3685\/revisions"}],"predecessor-version":[{"id":4724,"href":"https:\/\/fv-hafen.de\/index.php?rest_route=\/wp\/v2\/pages\/3685\/revisions\/4724"}],"wp:attachment":[{"href":"https:\/\/fv-hafen.de\/index.php?rest_route=%2Fwp%2Fv2%2Fmedia&parent=3685"}],"curies":[{"name":"wp","href":"https:\/\/api.w.org\/{rel}","templated":true}]}}